{"id":281,"date":"2018-04-20T19:33:14","date_gmt":"2018-04-20T19:33:14","guid":{"rendered":"https:\/\/www.laprestelesbains.com\/termalismo-y-salud\/"},"modified":"2021-11-30T15:21:47","modified_gmt":"2021-11-30T15:21:47","slug":"termalismo-y-salud","status":"publish","type":"page","link":"https:\/\/www.laprestelesbains.com\/es\/termalismo-y-salud\/","title":{"rendered":"Termalismo y Salud"},"content":{"rendered":"<div class=\"wpb-content-wrapper\"><p>[vc_row row_type=\u00bbsection\u00bb type=\u00bbfull_width\u00bb text_align=\u00bbleft\u00bb video=\u00bb\u00bb padding_bottom=\u00bb10&#8243; css=\u00bb.vc_custom_1518183817749{margin-right: 10px !important;padding-right: 20px !important;padding-left: 20px !important;}\u00bb][vc_column width=\u00bb2\/3&#8243;][vc_column_text]<\/p>\n<h1>Termalismo y Salud en la Preste Les Bains&#8230;<\/h1>\n<p>[\/vc_column_text][vc_column_text]<\/p>\n<h2>Aguas termales m\u00e1gicas en medio de los Pirineos<\/h2>\n<p>A un tiro de piedras de Espa\u00f1a, escondido en un teatro de naturaleza pasmoso en la regi\u00f3n hist\u00f3rica del Vallespir, en la parte sur del Canigo, encontrara las Termas de La Preste-les \u2013Bains.[\/vc_column_text][\/vc_column][vc_column width=\u00bb1\/3&#8243;][vc_column_text]<\/p>\n<div class=\"tel\">El centro termal est\u00e1 abierto del<br \/>\n17\/03\/2021 hasta el 11\/11\/2021<br \/>\nReservas e Informaciones todo el ano<br \/>\nllamando al  0033 468 875 500<\/div>\n<p>[\/vc_column_text][\/vc_column][\/vc_row][vc_row row_type=\u00bbsection\u00bb type=\u00bbfull_width\u00bb text_align=\u00bbleft\u00bb video=\u00bb\u00bb padding_top=\u00bb0&#8243; padding_bottom=\u00bb0&#8243; css=\u00bb.vc_custom_1518265031736{margin-right: 20px !important;padding-left: 10px !important;}\u00bb][vc_column width=\u00bb2\/3&#8243;][vc_column_text css=\u00bb.vc_custom_1612454933664{margin-top: 10px !important;margin-right: 10px !important;margin-bottom: 10px !important;margin-left: 10px !important;}\u00bb]Desde 7 siglos, estas aguas termales \u00fanicas en Europa est\u00e1n reconocidas por el tratamiento de las enfermedades genito-urinarias infecciosas,  en el sobrepeso y metabolismo y tambi\u00e9n en reumatolog\u00eda.<br \/>\nEsperamos y deseamos poder cumplir con sus expectativas de calidad y satisfacci\u00f3n, ya que es nuestra \u00fanica y verdadera filosof\u00eda de trabajo.<br \/>\nMotivados por el sol y el car\u00e1cter autentico del paraje, nuestro equipo se esfuerza a trabajar con el coraz\u00f3n: receptividad, actitud competente y fervor para que pase la mejor estancia en nuestra casa.  <\/p>\n<p style=\"text-align: right;\">Con entusiasmo, Marc Puig, Director de las Termas\u2026&#8230;<br \/>\n[\/vc_column_text][vc_separator type=\u00bbnormal\u00bb color=\u00bb#ffffff\u00bb][\/vc_column][vc_column width=\u00bb1\/3&#8243;][vc_column_text]<img loading=\"lazy\" decoding=\"async\" class=\"wp-image-275 aligncenter\" src=\"https:\/\/www.laprestelesbains.com\/wp-content\/uploads\/2018\/02\/carte-situation-la-preste-les-bains-281x300.png\" alt=\"carte-situation-la-preste-les-bains\" width=\"132\" height=\"141\" srcset=\"https:\/\/www.laprestelesbains.com\/wp-content\/uploads\/2018\/02\/carte-situation-la-preste-les-bains-281x300.png 281w, https:\/\/www.laprestelesbains.com\/wp-content\/uploads\/2018\/02\/carte-situation-la-preste-les-bains.png 362w\" sizes=\"auto, (max-width: 132px) 100vw, 132px\" \/>[\/vc_column_text][\/vc_column][\/vc_row][vc_row row_type=\u00bbrow\u00bb text_align=\u00bbleft\u00bb css_animation=\u00bb\u00bb bg_type=\u00bbimage\u00bb bg_image_new=\u00bb71&#8243; bg_override=\u00bbex-full\u00bb parallax_content=\u00bboff\u00bb content_placement=\u00bbmiddle\u00bb][vc_column][vc_row_inner row_type=\u00bbrow\u00bb text_align=\u00bbleft\u00bb css_animation=\u00bb\u00bb css=\u00bb.vc_custom_1486057492190{padding-top: 120px !important;padding-right: 20px !important;padding-bottom: 120px !important;padding-left: 20px !important;}\u00bb][vc_column_inner width=\u00bb1\/3&#8243;][vc_separator type=\u00bbtransparent\u00bb][vc_column_text el_class=\u00bbbloc-white\u00bb]<\/p>\n<h3><span style=\"color: #333333;\"><strong>QUE SOIGNE T-ON A LA PRESTE LES BAINS ?<\/strong><\/span><\/h3>\n<p><strong>Avec ses eaux thermales m\u00e9sothermales bicarbonat\u00e9es, sulfat\u00e9es, sodiques, riches en fluorure et en silicates, notre \u00e9tablissement est expert dans le traitement des Affections de l\u2019Appareil Urinaire et du Syndrome M\u00e9tabolique du Surpoids et du Diab\u00e8te ainsi que des Pathologies Rhumatismales.<br \/>\nLes vertus m\u00e9dicinales des Eaux de La Preste sont reconnues depuis le XIVe si\u00e8cle, par la facult\u00e9 de m\u00e9decine de Montpellier. Les eaux de la Source Apollon jaillissent de la montagne \u00e0 la temp\u00e9rature proche de celle du corps \u00e0 42\u00b0.<\/strong>[\/vc_column_text][vc_separator type=\u00bbtransparent\u00bb up=\u00bb40&#8243; down=\u00bb40&#8243;][\/vc_column_inner][vc_column_inner width=\u00bb2\/3&#8243;][vc_parallax][\/vc_parallax][\/vc_column_inner][\/vc_row_inner][\/vc_column][\/vc_row][vc_row row_type=\u00bbrow\u00bb text_align=\u00bbleft\u00bb css_animation=\u00bb\u00bb transition_delay=\u00bbtextwhite\u00bb bg_type=\u00bbbg_color\u00bb bg_override=\u00bbex-full\u00bb el_class=\u00bbwhite\u00bb bg_color_value=\u00bb#041c26&#8243; css=\u00bb.vc_custom_1518183891729{padding-right: 20px !important;}\u00bb][vc_column][vc_column_text css=\u00bb.vc_custom_1498206471392{margin-top: 20px !important;margin-right: 20px !important;margin-bottom: 20px !important;margin-left: 20px !important;}\u00bb el_class=\u00bbwhite\u00bb]<\/p>\n<h4><span style=\"font-size: 14pt; font-family: gillsansmt; color: #87b0c1;\">PROPIEDADES F\u00cdSICOQU\u00cdMICAS RARAS &#8230;<\/span><\/h4>\n<div style=\"text-align: justify; font-size: 12pt; font-family: Arial;\">El azufre, muy presente, analg\u00e9sico y antiinflamatorio, es un aliado imprescindible en los tratamientos reumatol\u00f3gicos. El magnesio, en cambio, ejerce una acci\u00f3n tonificante sobre las fibras musculares.<br \/>\n<span style=\"font-size: 12pt; font-family: Arial,Helvetica,sans-serif;\"> Para tratar el \u00abSistema Urinario\u00bb, se utiliza agua termal directamente sobre las mucosas que regenera. Estimula las defensas locales del organismo frente a agentes infecciosos La mucosa vaginal recupera un pH normal evitando la proliferaci\u00f3n de micosis y bacterias pat\u00f3genas.<br \/>\nEl factor clim\u00e1tico:<br \/>\nLa Preste-les-Bains est\u00e1 catalogada como balneario, combinando, en todas las estaciones, con los beneficios terap\u00e9uticos del tratamiento balneario, un clima mediterr\u00e1neo templado por la altitud (1130 m), especialmente beneficioso para el tratamiento del reumatismo. Promueve la relajaci\u00f3n nerviosa y participa en la curaci\u00f3n de infecciones del tracto urinario.<br \/>\n<\/span><\/div>\n<p>[\/vc_column_text][\/vc_column][\/vc_row][vc_row row_type=\u00bbrow\u00bb text_align=\u00bbcenter\u00bb css_animation=\u00bb\u00bb el_class=\u00bbtextwhite\u00bb css=\u00bb.vc_custom_1518264555455{margin-right: 10px !important;}\u00bb][vc_column css_animation=\u00bbnone\u00bb width=\u00bb1\/2&#8243; el_class=\u00bbtextwhite\u00bb css=\u00bb.vc_custom_1500317273752{padding-top: 30px !important;padding-left: 40px !important;}\u00bb][image_with_text_over icon=\u00bb\u00bb icon_size=\u00bbfa-lg\u00bb title_tag=\u00bbh2&#8243; image=\u00bb78&#8243; title=\u00bbLES VOIES URINAIRES (AU)\u00bb title_size=\u00bb40&#8243; title_color=\u00bb#ffffff\u00bb]<\/p>\n<div style=\"text-align: justify;\"><strong>DES SOINS SP\u00c9CIFIQUES&#8230;<\/strong><br \/>\nTratamiento de bebederos, ba\u00f1o de agua termal, ba\u00f1o de vapor, ba\u00f1o con ducha subacu\u00e1tica, irrigaci\u00f3n vaginal, ducha general, ducha jet general, ducha jet local, ducha termal penetrante, spray anal y perineal.<br \/>\nenteroclisis (goteo rectal), cataplasma de barro t\u00e9rmico en aplicaci\u00f3n local \u00fanica, masaje bajo agua termal &#8230;<\/div>\n<p>[vc_separator type=&#8217;transparent&#8217; position=&#8217;center&#8217; color=\u00bb thickness=&#8217;15&#8217; up=\u00bb down=\u00bb]<\/p>\n<p><a class=\"myButton\" href=\".\/cure-thermale-urologique-la-preste-les-bains\/\">+ detalles<\/a>[\/image_with_text_over][\/vc_column][vc_column css_animation=\u00bbnone\u00bb width=\u00bb1\/2&#8243; el_class=\u00bbtextwhite\u00bb css=\u00bb.vc_custom_1500317280004{padding-top: 30px !important;padding-right: 40px !important;}\u00bb][image_with_text_over icon=\u00bb\u00bb icon_size=\u00bbfa-lg\u00bb title_tag=\u00bbh2&#8243; image=\u00bb79&#8243; title=\u00bbLE METABOLISME (AU)\u00bb title_size=\u00bb40&#8243; title_color=\u00bb#ffffff\u00bb]<\/p>\n<div style=\"text-align: justify;\"><strong>CUIDADO ESPEC\u00cdFICO&#8230;<\/strong><br \/>\nBa\u00f1o de agua termal, ba\u00f1o de vapor, ba\u00f1o con ducha subacu\u00e1tica, ducha general, ducha de chorro general, ducha de chorro local, ducha de agua termal penetrante, cataplasmas de barro termal, masaje de agua termal, sudoraci\u00f3n en cabina &#8230;<\/div>\n<p>[vc_separator type=&#8217;transparent&#8217; position=&#8217;center&#8217; color=\u00bb thickness=&#8217;15&#8217; up=\u00bb down=\u00bb]<br \/>\n<a class=\"myButton\" href=\".\/cure-thermale-metabolisme\/\">+ detalles<\/a>[\/image_with_text_over][\/vc_column][\/vc_row][vc_row row_type=\u00bbrow\u00bb text_align=\u00bbcenter\u00bb css_animation=\u00bb\u00bb el_class=\u00bbtextwhite\u00bb css=\u00bb.vc_custom_1518264563982{margin-right: 10px !important;}\u00bb][vc_column css_animation=\u00bbnone\u00bb width=\u00bb1\/2&#8243; el_class=\u00bbtextwhite\u00bb css=\u00bb.vc_custom_1500317287037{padding-top: 30px !important;padding-bottom: 30px !important;padding-left: 40px !important;}\u00bb][image_with_text_over icon=\u00bb\u00bb icon_size=\u00bbfa-lg\u00bb title_tag=\u00bbh2&#8243; image=\u00bb80&#8243; title=\u00bbLES RHUMATISMES (RH)\u00bb title_size=\u00bb40&#8243; title_color=\u00bb#ffffff\u00bb]<\/p>\n<div style=\"text-align: justify;\"><strong>CUIDADO MUY ESPEC\u00cdFICO &#8230;<\/strong><br \/>\nPiscina termal de movilizaci\u00f3n, ba\u00f1o de agua termal, ba\u00f1o con ducha subacu\u00e1tica, ducha general, ducha jet general, ducha jet local, ducha bajo inmersi\u00f3n en piscina medicinal, ducha termal penetrante con hidromasaje, ducha de alta presi\u00f3n bajo inmersi\u00f3n en piscina, cataplasmas de barro termal en aplicaci\u00f3n \u00fanica o m\u00faltiple, ba\u00f1o de vapor, masaje bajo agua termal, sudoraci\u00f3n en cabina &#8230;<\/p>\n<\/div>\n<div style=\"text-align: justify;\">[vc_separator type=&#8217;transparent&#8217; position=&#8217;center&#8217; color=\u00bb thickness=&#8217;15&#8217; up=\u00bb down=\u00bb]<\/div>\n<p><a class=\"myButton\" href=\".\/cure-thermale-rhumatologique\/\">+ detalles<\/a>[\/image_with_text_over][\/vc_column][vc_column css_animation=\u00bbnone\u00bb width=\u00bb1\/2&#8243; el_class=\u00bbtextwhite\u00bb css=\u00bb.vc_custom_1500317293998{padding-top: 30px !important;padding-right: 40px !important;padding-bottom: 30px !important;}\u00bb][image_with_text_over icon=\u00bb\u00bb icon_size=\u00bbfa-lg\u00bb title_tag=\u00bbh2&#8243; image=\u00bb81&#8243; title=\u00bbEL SPA TERMAL\u00bb title_size=\u00bb40&#8243; title_color=\u00bb#ffffff\u00bb]<\/p>\n<div style=\"text-align: justify;\"><strong>CUIDADO DEL CUERPO&#8230;<\/strong><br \/>\nNuestro Spa Termal le da la bienvenida al coraz\u00f3n del Servicio Premier donde reina un ambiente acogedor que lo envuelve como un capullo. Las cabinas de tratamientos individuales, la piscina de agua termal y la sala de relajaci\u00f3n con vistas panor\u00e1micas al valle, la ropa de cama acogedora y la bienvenida personalizada le prometen rejuvenecimiento y bienestar.\n<\/div>\n<p>[vc_separator type=&#8217;transparent&#8217; position=&#8217;center&#8217; color=\u00bb thickness=&#8217;15&#8217; up=\u00bb down=\u00bb]<br \/>\n<a class=\"myButton\" href=\".\/le-spa-thermal\/\">+ detalles<\/a>[\/image_with_text_over][\/vc_column][\/vc_row][vc_row row_type=\u00bbrow\u00bb text_align=\u00bbcenter\u00bb css_animation=\u00bb\u00bb el_class=\u00bbtextwhite\u00bb css=\u00bb.vc_custom_1518264572022{margin-right: 10px !important;}\u00bb][vc_column css_animation=\u00bbnone\u00bb width=\u00bb1\/2&#8243; el_class=\u00bbtextwhite\u00bb css=\u00bb.vc_custom_1500317303881{padding-top: 30px !important;padding-bottom: 30px !important;padding-left: 40px !important;}\u00bb][image_with_text_over icon=\u00bb\u00bb icon_size=\u00bbfa-lg\u00bb title_tag=\u00bbh2&#8243; image=\u00bb82&#8243; title=\u00bbNUESTRAS MINI-CURAS\u00bb title_size=\u00bb40&#8243; title_color=\u00bb#ffffff\u00bb]<\/p>\n<div style=\"text-align: justify; font-size: 14pt;\">\n<p><strong>CONCENTRADOS DE CURADO T\u00c9RMICO REAL &#8230;<\/strong><br \/>\nMinicuras disponibles en 6 o 12 d\u00edas &#8230;<\/p>\n<ul>\n<li>Mini Cura personalizada<\/li>\n<li>Mini Cura para la salud de los hombres<\/li>\n<li>Mini cura del tracto urinario \/ pr\u00f3stata<\/li>\n<\/ul>\n<\/div>\n<div align=\"center\">[vc_separator type=&#8217;transparent&#8217; position=&#8217;center&#8217; color=\u00bb thickness=&#8217;15&#8217; up=\u00bb down=\u00bb]<br \/>\n<a class=\"myButton\" href=\".\/les-mini-cures-thermales\/\">+ de d\u00e9tails<\/a><\/div>\n<p>[\/image_with_text_over][\/vc_column][vc_column css_animation=\u00bbnone\u00bb width=\u00bb1\/2&#8243; el_class=\u00bbtextwhite\u00bb css=\u00bb.vc_custom_1500317313330{padding-top: 30px !important;padding-right: 40px !important;padding-bottom: 30px !important;}\u00bb][image_with_text_over icon=\u00bb\u00bb icon_size=\u00bbfa-lg\u00bb title_tag=\u00bbh2&#8243; image=\u00bb83&#8243; title=\u00bbLE + DE LA STATION\u00bb title_size=\u00bb40&#8243; title_color=\u00bb#ffffff\u00bb]<\/p>\n<div style=\"text-align: justify; font-size: 14pt;\">\n<ul>\n<li>Curas espec\u00edficas (sobrepeso, dolor de espalda, lumbalgia, pr\u00f3stata, salud masculina)<\/li>\n<li>La opci\u00f3n Active Salud + mini f\u00f3rmula<\/li>\n<li>El Servicio Premero<\/li>\n<\/ul>\n<\/div>\n<p style=\"text-align: center;\">[vc_separator type=&#8217;transparent&#8217; position=&#8217;center&#8217; color=\u00bb thickness=&#8217;15&#8217; up=\u00bb down=\u00bb]<br \/>\n<a class=\"myButton\" href=\".\/le-plus-de-la-station\/\">+ de talles<\/a><\/p>\n<p>[\/image_with_text_over][\/vc_column][\/vc_row][vc_row row_type=\u00bbrow\u00bb text_align=\u00bbleft\u00bb css_animation=\u00bb\u00bb transition_delay=\u00bb1&#8243; bg_type=\u00bbbg_color\u00bb bg_override=\u00bbex-full\u00bb el_class=\u00bbtextwhite\u00bb bg_color_value=\u00bb#0d2f3d\u00bb][vc_column][vc_column_text css=\u00bb.vc_custom_1498207293020{margin-top: 20px !important;margin-right: 20px !important;margin-bottom: 20px !important;margin-left: 20px !important;}\u00bb]<\/p>\n<h3><span style=\"font-family: gillsansmt; color: #87b0c1;\">LES AVANTAGES DE LA STATION DE LA PRESTE LES BAINS :<\/span><\/h3>\n<ul>\n<li><span style=\"font-family: Arial;\">La double indication : soigner Affections des Voies Urinaires et du M\u00e9tabolisme et Affections Rhumatismales en m\u00eame temps, c&#8217;est possible ! Votre demande de prise en charge pour les deux traitements simultan\u00e9s (AU+RH ou RH+AU) doit \u00eatre mentionn\u00e9e sur le formulaire de prise en charge \u00e9tabli par votre m\u00e9decin prescripteur.<\/span><\/li>\n<li><span style=\"font-family: Arial;\">Acc\u00e8s direct au Thermes, par ascenseurs, depuis Le Grand H\u00f4tel et la R\u00e9sidence Thermale.<\/span>\n<ul>\n<li><span style=\"font-family: Arial;\">3 Types d&#8217;h\u00e9bergement : l&#8217;H\u00f4tel en pension compl\u00e8te ou demi-pension, La R\u00e9sidence Thermale et Le Chalet de Las Canals en studio \u00e9quip\u00e9.<\/span><\/li>\n<\/ul>\n<\/li>\n<\/ul>\n<p>[\/vc_column_text][\/vc_column][\/vc_row][vc_row row_type=\u00bbrow\u00bb text_align=\u00bbleft\u00bb css_animation=\u00bb\u00bb transition_delay=\u00bb2&#8243; bg_type=\u00bbbg_color\u00bb bg_override=\u00bbex-full\u00bb el_class=\u00bbtextwhite\u00bb css=\u00bb.vc_custom_1500317125222{padding-top: 15px !important;padding-bottom: 15px !important;}\u00bb][vc_column][\/vc_column][\/vc_row][vc_row row_type=\u00bbrow\u00bb text_align=\u00bbleft\u00bb css_animation=\u00bb\u00bb bg_type=\u00bbimage\u00bb parallax_style=\u00bbvcpb-vz-jquery\u00bb bg_image_new=\u00bb19&#8243; bg_image_repeat=\u00bbno-repeat\u00bb bg_img_attach=\u00bbfixed\u00bb bg_override=\u00bbfull\u00bb disable_on_mobile_img_parallax=\u00bbdisable_on_mobile_img_parallax_value\u00bb parallax_content=\u00bboff\u00bb fadeout_row=\u00bboff\u00bb enable_overlay=\u00bboff\u00bb content_placement=\u00bbmiddle\u00bb el_class=\u00bbtextwhite\u00bb css=\u00bb.vc_custom_1518182461847{background-color: #041c26 !important;}\u00bb][vc_column][vc_row_inner row_type=\u00bbrow\u00bb text_align=\u00bbleft\u00bb css_animation=\u00bb\u00bb css=\u00bb.vc_custom_1486056985153{margin-right: 20px !important;margin-bottom: 10px !important;padding-top: 100px !important;padding-bottom: 50px !important;padding-left: 20px !important;}\u00bb][vc_column_inner][vc_column_text]<span class=\"titre\">Le Grand H\u00f4tel ***<\/span><\/p>\n<h3 style=\"text-align: justify; font-size: 20px;\">Un confort et un charme toujours pr\u00e9sents &#8230;<\/h3>\n<h5>44 chambres<br \/>\n1 Restaurant (cuisine di\u00e9t\u00e9tique)<br \/>\n1 Bar<br \/>\n1 Salle de Fitness<br \/>\n1 Biblioth\u00e8que<br \/>\n1 Espace Beaut\u00e9<br \/>\n1 Salon de lecture et jeux<br \/>\nAcc\u00e8s direct aux Thermes<\/h5>\n<p>[\/vc_column_text][vc_separator type=\u00bbtransparent\u00bb][vc_separator type=\u00bbtransparent\u00bb][\/vc_column_inner][\/vc_row_inner][vc_row_inner row_type=\u00bbrow\u00bb text_align=\u00bbleft\u00bb css_animation=\u00bb\u00bb][vc_column_inner width=\u00bb1\/2&#8243;][vc_column_text]<\/p>\n<p style=\"text-align: center;\"><a class=\"myButton\" href=\".\/le-grand-hotel-thermal\/\">+ de d\u00e9tails<\/a><\/p>\n<p>[\/vc_column_text][\/vc_column_inner][vc_column_inner width=\u00bb1\/2&#8243;][\/vc_column_inner][\/vc_row_inner][vc_separator type=\u00bbtransparent\u00bb][\/vc_column][\/vc_row][vc_row row_type=\u00bbrow\u00bb text_align=\u00bbleft\u00bb css_animation=\u00bb\u00bb transition_delay=\u00bb1&#8243; bg_type=\u00bbbg_color\u00bb bg_override=\u00bbex-full\u00bb el_class=\u00bbtextwhite\u00bb bg_color_value=\u00bb#c9ac57&#8243; css=\u00bb.vc_custom_1500317147587{padding-top: 10px !important;padding-right: 10px !important;padding-bottom: 10px !important;padding-left: 10px !important;}\u00bb][vc_column][vc_column_text css=\u00bb.vc_custom_1498221251261{padding-top: 10px !important;padding-right: 10px !important;padding-bottom: 10px !important;padding-left: 10px !important;}\u00bb]<\/p>\n<h4>H\u00e9bergement au Grand H\u00f4tel Thermal ***<\/h4>\n<ul>\n<li>Le Grand H\u00f4tel au c\u0153ur du domaine thermal, est situ\u00e9 juste au dessus des Thermes de la Preste, il permet un acc\u00e8s direct aux services de soins de l&#8217;\u00e9tablissement.<\/li>\n<\/ul>\n<p>[\/vc_column_text][\/vc_column][\/vc_row][vc_row row_type=\u00bbrow\u00bb text_align=\u00bbleft\u00bb css_animation=\u00bb\u00bb bg_type=\u00bbbg_color\u00bb bg_override=\u00bbex-full\u00bb el_class=\u00bbtextwhite\u00bb css=\u00bb.vc_custom_1486118251954{padding-top: 15px !important;padding-bottom: 15px !important;}\u00bb][vc_column][\/vc_column][\/vc_row][vc_row row_type=\u00bbrow\u00bb text_align=\u00bbleft\u00bb css_animation=\u00bb\u00bb bg_type=\u00bbimage\u00bb parallax_style=\u00bbvcpb-vz-jquery\u00bb bg_image_new=\u00bb85&#8243; bg_image_repeat=\u00bbno-repeat\u00bb bg_img_attach=\u00bbfixed\u00bb bg_override=\u00bbfull\u00bb disable_on_mobile_img_parallax=\u00bboff\u00bb content_placement=\u00bbmiddle\u00bb el_class=\u00bbtextwhite\u00bb css=\u00bb.vc_custom_1518182617898{background-color: #041c26 !important;}\u00bb][vc_column][vc_row_inner row_type=\u00bbrow\u00bb text_align=\u00bbleft\u00bb css_animation=\u00bb\u00bb css=\u00bb.vc_custom_1486056955599{margin-right: 20px !important;margin-bottom: 50px !important;padding-top: 100px !important;padding-left: 20px !important;}\u00bb][vc_column_inner el_class=\u00bbtextwhite\u00bb][vc_column_text]<span class=\"titre\">H\u00e9bergements en Studios&#8230;<\/span><\/p>\n<p>&nbsp;<\/p>\n<h3 style=\"text-align: justify; font-size: 20px;\">R\u00e9sidence Thermale &#8211; Meubl\u00e9s de Tourisme***<\/h3>\n<p><em>(en cours de classement)<\/em><\/p>\n<h5>33 studios situ\u00e9s face \u00e0 la vall\u00e9e<br \/>\nAcc\u00e8s direct aux Thermes de la Preste<\/h5>\n<p>&nbsp;<\/p>\n<p>&nbsp;<\/p>\n<h3 style=\"text-align: justify; font-size: 20px;\">Chalet Las Canals &#8211; Meubl\u00e9s de Tourisme**<\/h3>\n<p><em>(en cours de classement)<\/em><\/p>\n<h5>16 studios<br \/>\nA proximit\u00e9 imm\u00e9diate des Thermes de la Preste<\/h5>\n<p>[\/vc_column_text][vc_separator type=\u00bbtransparent\u00bb][vc_separator type=\u00bbtransparent\u00bb][\/vc_column_inner][\/vc_row_inner][vc_row_inner row_type=\u00bbrow\u00bb text_align=\u00bbleft\u00bb css_animation=\u00bb\u00bb][vc_column_inner width=\u00bb1\/2&#8243;][vc_column_text]<\/p>\n<p style=\"text-align: center;\"><a class=\"myButton\" href=\".\/location-appartements-studios\/\">+ Mas Informacions d\u00e9tails<\/a><\/p>\n<p>[\/vc_column_text][\/vc_column_inner][vc_column_inner width=\u00bb1\/2&#8243;][\/vc_column_inner][\/vc_row_inner][vc_separator type=\u00bbtransparent\u00bb][\/vc_column][\/vc_row][vc_row row_type=\u00bbrow\u00bb text_align=\u00bbleft\u00bb css_animation=\u00bb\u00bb transition_delay=\u00bb1&#8243; bg_type=\u00bbbg_color\u00bb bg_override=\u00bbex-full\u00bb el_class=\u00bbtextwhite\u00bb bg_color_value=\u00bb#c9ac57&#8243; css=\u00bb.vc_custom_1500317184271{padding-top: 10px !important;padding-right: 10px !important;padding-bottom: 10px !important;padding-left: 10px !important;}\u00bb][vc_column][vc_column_text css=\u00bb.vc_custom_1498221539258{padding-top: 10px !important;padding-right: 10px !important;padding-bottom: 10px !important;padding-left: 10px !important;}\u00bb]<\/p>\n<h4>H\u00e9bergement en R\u00e9sidence Thermale ou en Chalet<\/h4>\n<ul>\n<li>La R\u00e9sidence Thermale situ\u00e9e dans l&#8217;aile sud du Grand H\u00f4tel permet un acc\u00e8s direct aux Thermes de la Preste.<\/li>\n<li>Le Chalet de Las Canals se trouve au c\u0153ur du Domaine Thermal, \u00e0 50 m\u00e8tres de l&#8217;\u00e9tablissement thermal.<\/li>\n<\/ul>\n<p>[\/vc_column_text][\/vc_column][\/vc_row][vc_row row_type=\u00bbrow\u00bb text_align=\u00bbleft\u00bb css_animation=\u00bb\u00bb bg_type=\u00bbbg_color\u00bb bg_override=\u00bbex-full\u00bb el_class=\u00bbtextwhite\u00bb css=\u00bb.vc_custom_1486118251954{padding-top: 15px !important;padding-bottom: 15px !important;}\u00bb][vc_column][\/vc_column][\/vc_row][vc_row row_type=\u00bbrow\u00bb text_align=\u00bbleft\u00bb css_animation=\u00bb\u00bb][vc_column][vc_column_text]<\/p>\n<p>[\/vc_column_text][\/vc_column][\/vc_row]<\/p>\n<\/div>","protected":false},"excerpt":{"rendered":"<p>[vc_row row_type=\u00bbsection\u00bb type=\u00bbfull_width\u00bb text_align=\u00bbleft\u00bb video=\u00bb\u00bb padding_bottom=\u00bb10&#8243; css=\u00bb.vc_custom_1518183817749{margin-right: 10px !important;padding-right: 20px !important;padding-left: 20px !important;}\u00bb][vc_column width=\u00bb2\/3&#8243;][vc_column_text] Termalismo y Salud en la Preste Les Bains&#8230; [\/vc_column_text][vc_column_text] Aguas termales m\u00e1gicas en medio de los Pirineos A un tiro de piedras de Espa\u00f1a, escondido en un teatro de naturaleza pasmoso en la regi\u00f3n hist\u00f3rica del Vallespir, en la parte sur [&hellip;]<\/p>\n","protected":false},"author":1,"featured_media":182,"parent":0,"menu_order":0,"comment_status":"closed","ping_status":"closed","template":"full_width.php","meta":{"site-sidebar-layout":"no-sidebar","site-content-layout":"plain-container","ast-site-content-layout":"default","site-content-style":"default","site-sidebar-style":"default","ast-global-header-display":"","ast-banner-title-visibility":"","ast-main-header-display":"","ast-hfb-above-header-display":"","ast-hfb-below-header-display":"","ast-hfb-mobile-header-display":"","site-post-title":"disabled","ast-breadcrumbs-content":"","ast-featured-img":"disabled","footer-sml-layout":"","ast-disable-related-posts":"","theme-transparent-header-meta":"","adv-header-id-meta":"","stick-header-meta":"","header-above-stick-meta":"","header-main-stick-meta":"","header-below-stick-meta":"","astra-migrate-meta-layouts":"default","ast-page-background-enabled":"default","ast-page-background-meta":{"desktop":{"background-color":"var(--ast-global-color-4)","background-image":"","background-repeat":"repeat","background-position":"center center","background-size":"auto","background-attachment":"scroll","background-type":"","background-media":"","overlay-type":"","overlay-color":"","overlay-opacity":"","overlay-gradient":""},"tablet":{"background-color":"","background-image":"","background-repeat":"repeat","background-position":"center center","background-size":"auto","background-attachment":"scroll","background-type":"","background-media":"","overlay-type":"","overlay-color":"","overlay-opacity":"","overlay-gradient":""},"mobile":{"background-color":"","background-image":"","background-repeat":"repeat","background-position":"center center","background-size":"auto","background-attachment":"scroll","background-type":"","background-media":"","overlay-type":"","overlay-color":"","overlay-opacity":"","overlay-gradient":""}},"ast-content-background-meta":{"desktop":{"background-color":"var(--ast-global-color-5)","background-image":"","background-repeat":"repeat","background-position":"center center","background-size":"auto","background-attachment":"scroll","background-type":"","background-media":"","overlay-type":"","overlay-color":"","overlay-opacity":"","overlay-gradient":""},"tablet":{"background-color":"var(--ast-global-color-5)","background-image":"","background-repeat":"repeat","background-position":"center center","background-size":"auto","background-attachment":"scroll","background-type":"","background-media":"","overlay-type":"","overlay-color":"","overlay-opacity":"","overlay-gradient":""},"mobile":{"background-color":"var(--ast-global-color-5)","background-image":"","background-repeat":"repeat","background-position":"center center","background-size":"auto","background-attachment":"scroll","background-type":"","background-media":"","overlay-type":"","overlay-color":"","overlay-opacity":"","overlay-gradient":""}},"footnotes":""},"class_list":["post-281","page","type-page","status-publish","has-post-thumbnail","hentry"],"_links":{"self":[{"href":"https:\/\/www.laprestelesbains.com\/es\/wp-json\/wp\/v2\/pages\/281","targetHints":{"allow":["GET"]}}],"collection":[{"href":"https:\/\/www.laprestelesbains.com\/es\/wp-json\/wp\/v2\/pages"}],"about":[{"href":"https:\/\/www.laprestelesbains.com\/es\/wp-json\/wp\/v2\/types\/page"}],"author":[{"embeddable":true,"href":"https:\/\/www.laprestelesbains.com\/es\/wp-json\/wp\/v2\/users\/1"}],"replies":[{"embeddable":true,"href":"https:\/\/www.laprestelesbains.com\/es\/wp-json\/wp\/v2\/comments?post=281"}],"version-history":[{"count":13,"href":"https:\/\/www.laprestelesbains.com\/es\/wp-json\/wp\/v2\/pages\/281\/revisions"}],"predecessor-version":[{"id":412,"href":"https:\/\/www.laprestelesbains.com\/es\/wp-json\/wp\/v2\/pages\/281\/revisions\/412"}],"wp:featuredmedia":[{"embeddable":true,"href":"https:\/\/www.laprestelesbains.com\/es\/wp-json\/wp\/v2\/media\/182"}],"wp:attachment":[{"href":"https:\/\/www.laprestelesbains.com\/es\/wp-json\/wp\/v2\/media?parent=281"}],"curies":[{"name":"wp","href":"https:\/\/api.w.org\/{rel}","templated":true}]}}